{"id":388,"date":"2025-12-17T04:58:34","date_gmt":"2025-12-17T04:58:34","guid":{"rendered":"https:\/\/dopamina8.com\/?page_id=388"},"modified":"2025-12-17T15:46:44","modified_gmt":"2025-12-17T15:46:44","slug":"introduccion","status":"publish","type":"page","link":"https:\/\/dopamina8.com\/index.php\/introduccion\/","title":{"rendered":"Introduccion"},"content":{"rendered":"<p>[vc_row][vc_column][vc_column_text]<\/p>\n<div class=\"toolbox-container\" style=\"max-width: 1200px; margin: 0 auto; padding: 20px; font-family: Arial, sans-serif; line-height: 1.6;\">\n<h1 style=\"color: #2c3e50; text-align: center; font-size: 2em; margin-bottom: 30px; border-bottom: 3px solid #3498db; padding-bottom: 15px;\">Caja de herramientas para dise\u00f1o de planes de desarrollo de la fuerza laboral para la vigilancia y respuesta en salud p\u00fablica<\/h1>\n<\/div>\n<p><strong>Alcance tem\u00e1tico del plan:<\/strong> \u2022\u2060 \u2060Vigilancia y respuesta en salud p\u00fablica. \u2022\u2060 \u2060Laboratorio de salud p\u00fablica. \u2022\u2060 \u2060Gesti\u00f3n y an\u00e1lisis de datos. \u2022\u2060 \u2060Gesti\u00f3n de epidemias y emergencias en salud p\u00fablica. \u2022\u2060 \u2060Enfoque multisectorial: Una Salud que incluya la salud humana, animal y ambiental y otro sectores de importancia para la salud p\u00fablica. \u2022\u2060 \u2060Monitoreo y Evaluaci\u00f3n de sistemas de vigilancia y respuesta en salud p\u00fablica, incluyendo indicadores y m\u00e9tricas de resultados. <strong>Poblaci\u00f3n objetivo (fuerza laboral):<\/strong> \u2022\u2060 \u2060Personal que realiza actividades de vigilancia en salud p\u00fablica en los diferentes niveles (local, territorial o nacional). \u2022\u2060 \u2060Personas que realizan actividades de vigilancia en salud p\u00fablica multisectorial en las \u00e1reas de salud humana, animal, ambiental y otros sectores. \u2022\u2060 \u2060Epidemi\u00f3logos de diferentes tipos: general, cl\u00ednico y de campo. \u2022\u2060 \u2060Personal del laboratorio que atiende eventos de inter\u00e9s en salud p\u00fablica. \u2022\u2060 \u2060Analistas de datos. \u2022\u2060 \u2060Personas que realizan atenci\u00f3n a brotes, epidemias o emergencias en salud p\u00fablica en los diferentes niveles.<\/p>\n<div class=\"toolbox-container\" style=\"max-width: 1200px; margin: 0 auto; padding: 20px; font-family: Arial, sans-serif; line-height: 1.6;\">\n<section style=\"background-color: #ecf0f1; padding: 25px; border-radius: 8px; margin-bottom: 30px;\">\n<h2 style=\"color: #2980b9; font-size: 1.8em; margin-bottom: 20px;\">\u00bfQu\u00e9 es la Caja de Herramientas?<\/h2>\n<div style=\"margin-left: 20px;\">\n<h3 style=\"color: #34495e; font-size: 1.3em; margin-top: 15px;\"><span style=\"color: #e74c3c;\">\u2022<\/span> Para qu\u00e9 sirve<\/h3>\n<p style=\"margin-left: 25px; color: #555;\">[Insertar descripci\u00f3n sobre la utilidad de la caja de herramientas]<\/p>\n<h3 style=\"color: #34495e; font-size: 1.3em; margin-top: 15px;\"><span style=\"color: #e74c3c;\">\u2022<\/span> A qui\u00e9n est\u00e1 dirigida<\/h3>\n<p style=\"margin-left: 25px; color: #555;\">[Insertar informaci\u00f3n sobre el p\u00fablico objetivo]<\/p>\n<\/div>\n<\/section>\n<section style=\"background-color: #fff; padding: 25px; border: 2px solid #3498db; border-radius: 8px; margin-bottom: 30px; text-align: center;\">\n<h2 style=\"color: #2980b9; font-size: 1.5em; margin-bottom: 15px;\">Video explicativo<\/h2>\n<div style=\"position: relative; padding-bottom: 56.25%; height: 0; overflow: hidden; max-width: 100%;\">\u00a0<\/div>\n<\/section>\n<section style=\"background-color: #f8f9fa; padding: 25px; border-radius: 8px; margin-bottom: 30px;\">\n<h2 style=\"color: #2980b9; font-size: 1.8em; margin-bottom: 20px;\">Marco Contextual<\/h2>\n<p class=\"p1\"><span class=\"s1\">Un plan de desarrollo de la fuerza laboral para la vigilancia y respuesta en salud p\u00fablica es un instrumento estrat\u00e9gico que requiere la revisi\u00f3n y el an\u00e1lisis de la informaci\u00f3n, la identificaci\u00f3n de brechas y la planificaci\u00f3n de estrategias orientadas al fortalecimiento de las competencias y habilidades del talento humano.<\/span><\/p>\n<\/section>\n<\/div>\n<div class=\"toolbox-container\" style=\"max-width: 1200px; margin: 0 auto; padding: 20px; font-family: Arial, sans-serif; line-height: 1.6;\">\n<section style=\"background-color: #f8f9fa; padding: 25px; border-radius: 8px; margin-bottom: 10px;\">\n<div style=\"background: linear-gradient(135deg, #5aa1dd 0%, #003c58 100%); padding: 20px; border-radius: 10px; box-shadow: 0 4px 6px rgba(0,0,0,0.1);\">\n<h3 style=\"color: #fff; text-align: center; margin-bottom: 15px; font-size: 1.4em;\">\ud83d\udcda Recursos de Marco Contextual<\/h3>\n<div style=\"background-color: rgba(255,255,255,0.95); padding: 25px; border-radius: 8px;\">\n<ul style=\"list-style: none; padding: 0; margin: 0;\">\n<li style=\"margin-bottom: 15px; padding-bottom: 15px; border-bottom: 1px solid #e0e0e0;\"><a style=\"color: #2c3e50; text-decoration: none; font-size: 1.1em; font-weight: bold; display: block; transition: color 0.3s;\" href=\"[URL_CONTEXTO_GLOBAL]\"> <span style=\"color: #667eea; margin-right: 10px;\">\u25b6<\/span>Contexto global de actividades para la Vigilancia y Respuesta en Salud P\u00fablica <\/a><\/li>\n<li style=\"margin-bottom: 15px; padding-bottom: 15px; border-bottom: 1px solid #e0e0e0;\"><a style=\"color: #2c3e50; text-decoration: none; font-size: 1.1em; font-weight: bold; display: block; transition: color 0.3s;\" href=\"[URL_HERRAMIENTAS]\"> <span style=\"color: #667eea; margin-right: 10px;\">\u25b6<\/span>Herramientas de apoyo para la vigilancia y respuesta en Salud P\u00fablica <\/a><\/li>\n<li style=\"margin-bottom: 0;\"><a style=\"color: #2c3e50; text-decoration: none; font-size: 1.1em; font-weight: bold; display: block; transition: color 0.3s;\" href=\"[URL_ESTRATEGIAS]\"> <span style=\"color: #667eea; margin-right: 10px;\">\u25b6<\/span>Estrategias mundiales y de la regi\u00f3n de las Am\u00e9ricas para el fortalecimiento o preparaci\u00f3n de la fuerza laboral para la vigilancia en salud p\u00fablica <\/a><\/li>\n<\/ul>\n<\/div>\n<\/div>\n<\/section>\n<section style=\"background-color: #fff3cd; padding: 25px; border-left: 5px solid #ffc107; border-radius: 8px; margin-bottom: 30px;\">\n<h2 style=\"color: #856404; font-size: 1.8em; margin-bottom: 20px;\">Etapas para el dise\u00f1o de planes de desarrollo de la fuerza laboral para la vigilancia y respuesta en salud p\u00fablica<\/h2>\n<p style=\"color: #333; font-size: 1.1em; font-weight: 500; line-height: 1.8;\">Un plan de desarrollo de la fuerza laboral para la vigilancia y respuesta en salud p\u00fablica es un instrumento estrat\u00e9gico que requiere una revisi\u00f3n y an\u00e1lisis de la informaci\u00f3n, la identificaci\u00f3n de brechas existentes y la planificaci\u00f3n de estrategias efectivas para fortalecer las competencias y habilidades del talento humano.<\/p>\n<\/section>\n<\/div>\n<p><style>\n  .toolbox-container a:hover {<br \/>    color: #667eea !important;<br \/>    text-decoration: underline !important;<br \/>  }<br \/><\/style>\n<\/p>\n<p>[\/vc_column_text][vc_column_text][\/vc_column_text][\/vc_column][\/vc_row]<\/p>\n","protected":false},"excerpt":{"rendered":"<p>[vc_row][vc_column][vc_column_text] Caja de herramientas para dise\u00f1o de planes de desarrollo de la fuerza laboral para la vigilancia y respuesta en salud p\u00fablica Alcance tem\u00e1tico del plan: \u2022\u2060 \u2060Vigilancia y respuesta&#8230;<\/p>\n","protected":false},"author":1,"featured_media":0,"parent":0,"menu_order":0,"comment_status":"closed","ping_status":"closed","template":"","meta":{"footnotes":""},"class_list":["post-388","page","type-page","status-publish","hentry"],"_links":{"self":[{"href":"https:\/\/dopamina8.com\/index.php\/wp-json\/wp\/v2\/pages\/388","targetHints":{"allow":["GET"]}}],"collection":[{"href":"https:\/\/dopamina8.com\/index.php\/wp-json\/wp\/v2\/pages"}],"about":[{"href":"https:\/\/dopamina8.com\/index.php\/wp-json\/wp\/v2\/types\/page"}],"author":[{"embeddable":true,"href":"https:\/\/dopamina8.com\/index.php\/wp-json\/wp\/v2\/users\/1"}],"replies":[{"embeddable":true,"href":"https:\/\/dopamina8.com\/index.php\/wp-json\/wp\/v2\/comments?post=388"}],"version-history":[{"count":5,"href":"https:\/\/dopamina8.com\/index.php\/wp-json\/wp\/v2\/pages\/388\/revisions"}],"predecessor-version":[{"id":398,"href":"https:\/\/dopamina8.com\/index.php\/wp-json\/wp\/v2\/pages\/388\/revisions\/398"}],"wp:attachment":[{"href":"https:\/\/dopamina8.com\/index.php\/wp-json\/wp\/v2\/media?parent=388"}],"curies":[{"name":"wp","href":"https:\/\/api.w.org\/{rel}","templated":true}]}}